{"id":5,"date":"2020-07-30T13:39:44","date_gmt":"2020-07-30T11:39:44","guid":{"rendered":"http:\/\/localhost\/wordpress\/?page_id=5"},"modified":"2026-04-08T15:56:43","modified_gmt":"2026-04-08T13:56:43","slug":"home","status":"publish","type":"page","link":"https:\/\/uhlenhaus-sportverein.de\/","title":{"rendered":"Uhlenhaus Sportverein e.V."},"content":{"rendered":"\n<div style=\"height:20px\" aria-hidden=\"true\" class=\"wp-block-spacer\"><\/div>\n\n\n\n<figure class=\"wp-block-image aligncenter size-full is-resized\"><img loading=\"lazy\" decoding=\"async\" width=\"347\" height=\"493\" src=\"http:\/\/uhlenhaus-sportverein.de\/wp-content\/uploads\/2024\/10\/Sportvereineule-freigestellt.png\" alt=\"\" class=\"wp-image-7414\" style=\"width:143px;height:auto\" srcset=\"https:\/\/uhlenhaus-sportverein.de\/wp-content\/uploads\/2024\/10\/Sportvereineule-freigestellt.png 347w, https:\/\/uhlenhaus-sportverein.de\/wp-content\/uploads\/2024\/10\/Sportvereineule-freigestellt-211x300.png 211w, https:\/\/uhlenhaus-sportverein.de\/wp-content\/uploads\/2024\/10\/Sportvereineule-freigestellt-230x327.png 230w\" sizes=\"auto, (max-width: 347px) 100vw, 347px\" \/><\/figure>\n\n\n\n<figure class=\"wp-block-image aligncenter size-full is-resized\"><img loading=\"lazy\" decoding=\"async\" width=\"469\" height=\"205\" src=\"http:\/\/uhlenhaus-sportverein.de\/wp-content\/uploads\/2022\/06\/Sportverein-Logo-mit-Hintergrund.png\" alt=\"\" class=\"wp-image-6110\" style=\"width:203px;height:auto\" srcset=\"https:\/\/uhlenhaus-sportverein.de\/wp-content\/uploads\/2022\/06\/Sportverein-Logo-mit-Hintergrund.png 469w, https:\/\/uhlenhaus-sportverein.de\/wp-content\/uploads\/2022\/06\/Sportverein-Logo-mit-Hintergrund-300x131.png 300w, https:\/\/uhlenhaus-sportverein.de\/wp-content\/uploads\/2022\/06\/Sportverein-Logo-mit-Hintergrund-230x101.png 230w, https:\/\/uhlenhaus-sportverein.de\/wp-content\/uploads\/2022\/06\/Sportverein-Logo-mit-Hintergrund-350x153.png 350w\" sizes=\"auto, (max-width: 469px) 100vw, 469px\" \/><\/figure>\n\n\n\n<p><strong><u>Einladung zur Jahreshauptversammlung 2025 des Uhlenhaus Sportvereins e.V.<\/u><\/strong><\/p>\n\n\n\n<p>Am 14.04.2026 um 18:00 Uhr findet in den R\u00e4umen der Tagesklinik Andershof, Rotdornweg 8 (Tagungsraum) in 18439 Stralsund die Jahreshauptversammlung 2025 des Uhlenhaus Sportvereins e.V. statt.<\/p>\n\n\n\n<p>Tagesordnung<\/p>\n\n\n\n<p>Top 1: Er\u00f6ffnung und Begr\u00fc\u00dfung<\/p>\n\n\n\n<p>Top 2: Feststellung der satzungsgem\u00e4\u00dfen Ladung und Beschlussf\u00e4higkeit<\/p>\n\n\n\n<p>Top 3: Wahl des Protokollf\u00fchrers<\/p>\n\n\n\n<p>Top 4: Genehmigung der Tagesordnung<\/p>\n\n\n\n<p>Top 5: Rechenschafts-und Kassenbericht des Vorstandes<\/p>\n\n\n\n<p>Top 6: Aussprache zu Top 5&nbsp;<\/p>\n\n\n\n<p>&nbsp;Top 7: Ausblick auf das Jahr 2026<\/p>\n\n\n\n<p>Top 8: Ende der Versammlung und Verabschiedung&nbsp;<\/p>\n\n\n\n<p>\u00c4nderungen und Zus\u00e4tze zur Tagesordnung k\u00f6nnen schriftlich per Post, E-Mail<\/p>\n\n\n\n<p>(sportverein@uhlenhaus.de) oder telefonisch unter 017620523140 eingereicht werden.<\/p>\n\n\n\n<p class=\"has-luminous-vivid-orange-background-color has-background has-medium-font-size\">Die Rehasportkurse von Herrn Jobst entfallen am 08.04.2026, 22.04.2026 und 27.04.2026.<\/p>\n\n\n\n<p class=\"has-black-color has-luminous-vivid-amber-background-color has-text-color has-background has-link-color wp-elements-75f08a6c7eac84b1ed78513be15761a7\">In der Zeit vom 13.04.2026 bis zum 17.04.2026 entfallen die Kurse von Frau Algenstaedt und Herrn Jobst.<\/p>\n\n\n\n<p class=\"has-text-align-center has-medium-font-size\">Der Uhlenhaus Sportverein mit \u00fcber 600 Mitgliedern ist in unserer Region ein bekannter und zuverl\u00e4ssiger Partner in Sachen Rehabilitationssport. Zweck des Vereins ist der Sport und die Erhaltung der k\u00f6rperlichen und geistigen Vitalit\u00e4t von Kindern, Jugendlichen und Erwachsenen. Unsere Kurse und Angebote werden von ehrenamtlichen Ergo- und Physiotherapeuten der Uhlenhaus Gruppe und zertifizierten Rehasporttrainern geleitet und finden in verschiedenen Stadtteilen Stralsunds und in Samtens auf R\u00fcgen statt.<\/p>\n\n\n\n<p class=\"has-text-align-center has-luminous-vivid-orange-color has-text-color has-link-color has-large-font-size wp-elements-b4802bccb082f4662e358911f098b7a0\"><\/p>\n\n\n\n<p><\/p>\n\n\n\n<p><\/p>\n\n\n\n<p><\/p>\n\n\n\n<p><\/p>\n\n\n\n<p class=\"has-text-align-center has-large-font-size\"><\/p>\n\n\n\n<p class=\"has-text-align-center has-medium-font-size\">Unsere F\u00f6rderer<\/p>\n\n\n\n<figure class=\"wp-block-image aligncenter size-full is-resized\"><img loading=\"lazy\" decoding=\"async\" width=\"806\" height=\"303\" src=\"http:\/\/uhlenhaus-sportverein.de\/wp-content\/uploads\/2020\/08\/Logo-Sparkasse-Vorpommern.png\" alt=\"\" class=\"wp-image-3353\" style=\"width:182px;height:auto\" srcset=\"https:\/\/uhlenhaus-sportverein.de\/wp-content\/uploads\/2020\/08\/Logo-Sparkasse-Vorpommern.png 806w, https:\/\/uhlenhaus-sportverein.de\/wp-content\/uploads\/2020\/08\/Logo-Sparkasse-Vorpommern-300x113.png 300w, https:\/\/uhlenhaus-sportverein.de\/wp-content\/uploads\/2020\/08\/Logo-Sparkasse-Vorpommern-768x289.png 768w, https:\/\/uhlenhaus-sportverein.de\/wp-content\/uploads\/2020\/08\/Logo-Sparkasse-Vorpommern-150x56.png 150w\" sizes=\"auto, (max-width: 806px) 100vw, 806px\" \/><\/figure>\n\n\n\n<figure class=\"wp-block-image aligncenter size-full is-resized\"><img loading=\"lazy\" decoding=\"async\" width=\"474\" height=\"329\" src=\"http:\/\/uhlenhaus-sportverein.de\/wp-content\/uploads\/2023\/11\/Logo-Stadtwerke-Stralsund.jpg\" alt=\"\" class=\"wp-image-7171\" style=\"width:148px;height:auto\" srcset=\"https:\/\/uhlenhaus-sportverein.de\/wp-content\/uploads\/2023\/11\/Logo-Stadtwerke-Stralsund.jpg 474w, https:\/\/uhlenhaus-sportverein.de\/wp-content\/uploads\/2023\/11\/Logo-Stadtwerke-Stralsund-300x208.jpg 300w, https:\/\/uhlenhaus-sportverein.de\/wp-content\/uploads\/2023\/11\/Logo-Stadtwerke-Stralsund-230x160.jpg 230w, https:\/\/uhlenhaus-sportverein.de\/wp-content\/uploads\/2023\/11\/Logo-Stadtwerke-Stralsund-350x243.jpg 350w\" sizes=\"auto, (max-width: 474px) 100vw, 474px\" \/><\/figure>\n\n\n\n<hr class=\"wp-block-separator has-alpha-channel-opacity is-style-wide\"\/>\n\n\n\n<div class=\"wp-block-columns are-vertically-aligned-top is-layout-flex wp-container-core-columns-is-layout-bc0d86c9 wp-block-columns-is-layout-flex\" style=\"margin-top:50px;margin-bottom:50px\">\n<div class=\"wp-block-column is-vertically-aligned-top is-layout-flow wp-block-column-is-layout-flow\"><ul class=\"wp-block-latest-posts__list has-dates wp-block-latest-posts\"><li><a class=\"wp-block-latest-posts__post-title\" href=\"https:\/\/uhlenhaus-sportverein.de\/?p=7239\">Rehasporttrainer gesucht<\/a><time datetime=\"2025-09-08T09:59:16+02:00\" class=\"wp-block-latest-posts__post-date\">8. September 2025<\/time><\/li>\n<li><a class=\"wp-block-latest-posts__post-title\" href=\"https:\/\/uhlenhaus-sportverein.de\/?p=7196\">Kurs Info<\/a><time datetime=\"2024-10-07T15:01:13+02:00\" class=\"wp-block-latest-posts__post-date\">7. Oktober 2024<\/time><\/li>\n<li><a class=\"wp-block-latest-posts__post-title\" href=\"https:\/\/uhlenhaus-sportverein.de\/?p=7087\">Kurzfassung der Jahreshauptversammlung 2022<\/a><time datetime=\"2023-06-30T11:48:06+02:00\" class=\"wp-block-latest-posts__post-date\">30. Juni 2023<\/time><\/li>\n<li><a class=\"wp-block-latest-posts__post-title\" href=\"https:\/\/uhlenhaus-sportverein.de\/?p=7055\">Einladung zur Jahreshauptversammlung 2022<\/a><time datetime=\"2023-06-07T08:04:15+02:00\" class=\"wp-block-latest-posts__post-date\">7. Juni 2023<\/time><\/li>\n<li><a class=\"wp-block-latest-posts__post-title\" href=\"https:\/\/uhlenhaus-sportverein.de\/?p=6857\">YIN YOGA Kurs &#8211; Start Heute<\/a><time datetime=\"2023-02-16T08:47:02+01:00\" class=\"wp-block-latest-posts__post-date\">16. Februar 2023<\/time><\/li>\n<\/ul><\/div>\n\n\n\n<div class=\"wp-block-column is-vertically-aligned-top is-layout-flow wp-block-column-is-layout-flow\"><div class=\"cff-wrapper\">\t<h3 class=\"cff-header  cff-outside\" >\n\t\t<span class=\"fa fab fa-facebook-square\"  style=\"font-size:28px;\"  aria-hidden=\"true\"><\/span>\n\t\t<span class=\"header-text\">Facebook-Beitr\u00e4ge<\/span>\n\t<\/h3>\n\t<div class=\"cff-wrapper-ctn \" ><div id=\"cff\"  class=\"cff cff-list-container  cff-default-styles  cff-mob-cols-1 cff-tab-cols-1\"   style=\"width:100%;\"   data-char=\"400\" ><div class=\"cff-posts-wrap\"><div id=\"cff_101341215339520_3356908347815953\" class=\"cff-item cff-photo-post author-uhlenhaus-sportverein\"  style=\"border-bottom: 1px solid #ddd;\">\n\t<div class=\"cff-author\">\n\t<div class=\"cff-author-text\">\n\t\t\t\t\t<div class=\"cff-page-name cff-author-date\" >\n\t\t\t\t<a href=\"https:\/\/facebook.com\/101341215339520\" target=\"_blank\" rel=\"nofollow noopener\" >Uhlenhaus Sportverein<\/a>\n\t\t\t\t<span class=\"cff-story\">  hat sein\/ihr Titelbild aktualisiert.<\/span>\n\t\t\t<\/div>\n\t\t\t\n<p class=\"cff-date\" > 1 week ago <\/p>\n\t\t\t<\/div>\n\t<div class=\"cff-author-img \" data-avatar=\"https:\/\/scontent-fra3-2.xx.fbcdn.net\/v\/t39.30808-1\/302698087_458419829633432_4709109214236821158_n.png?stp=cp0_dst-png_s50x50&#038;_nc_cat=111&#038;ccb=1-7&#038;_nc_sid=f907e8&#038;_nc_ohc=V6ONv9WFnkcQ7kNvwFilvpJ&#038;_nc_oc=AdrbgC1JeyFFgAwpqZURupjAG1uSTRwzEtRHeXBcX2u_BBb0MTCtngZNWltL9WbZG5pdaHY4O3_OVoz_H4UIWhJe&#038;_nc_zt=24&#038;_nc_ht=scontent-fra3-2.xx&#038;edm=AKIiGfEEAAAA&#038;_nc_gid=7EOukxt6UsU4JBiki0Mjkg&#038;_nc_tpa=Q5bMBQEB9hHb5HTOtIAGPW1htQe8o44cQWcjyBya3woXEszCEg2tJzJb4MZBrSwW9pE9gZlU8IW3Wri5IQ&#038;oh=00_Af0Vmvz7rgJEhKGR-cRYr6Yv6M5qfUgoV27Pl9oesDDkfw&#038;oe=69EE5D10\">\n\t\t<a href=\"https:\/\/facebook.com\/101341215339520\" target=\"_blank\" rel=\"nofollow noopener\" ><img decoding=\"async\" src=\"https:\/\/scontent-fra3-2.xx.fbcdn.net\/v\/t39.30808-1\/302698087_458419829633432_4709109214236821158_n.png?stp=cp0_dst-png_s50x50&#038;_nc_cat=111&#038;ccb=1-7&#038;_nc_sid=f907e8&#038;_nc_ohc=V6ONv9WFnkcQ7kNvwFilvpJ&#038;_nc_oc=AdrbgC1JeyFFgAwpqZURupjAG1uSTRwzEtRHeXBcX2u_BBb0MTCtngZNWltL9WbZG5pdaHY4O3_OVoz_H4UIWhJe&#038;_nc_zt=24&#038;_nc_ht=scontent-fra3-2.xx&#038;edm=AKIiGfEEAAAA&#038;_nc_gid=7EOukxt6UsU4JBiki0Mjkg&#038;_nc_tpa=Q5bMBQEB9hHb5HTOtIAGPW1htQe8o44cQWcjyBya3woXEszCEg2tJzJb4MZBrSwW9pE9gZlU8IW3Wri5IQ&#038;oh=00_Af0Vmvz7rgJEhKGR-cRYr6Yv6M5qfUgoV27Pl9oesDDkfw&#038;oe=69EE5D10\" title=\"Uhlenhaus Sportverein\" alt=\"Uhlenhaus Sportverein\" width=40 height=40 onerror=\"this.style.display='none'\"><\/a>\n\t<\/div>\n<\/div>\n\n<div class=\"cff-post-text\" >\n\t<span class=\"cff-text\" data-color=\"\">\n\t\tUhlenhaus Sportvereins Titelbild\t\t\t<\/span>\n\t<span class=\"cff-expand\">... <a href=\"#\" style=\"color: #\"><span class=\"cff-more\">Mehr sehen<\/span><span class=\"cff-less\">Weniger sehen<\/span><\/a><\/span>\n\n<\/div>\n\n<p class=\"cff-media-link\">\n\t<a href=\"https:\/\/www.facebook.com\/profile.php?id=930785222396888\" target=\"_blank\" style=\"color: #\">\n\t\t<span style=\"padding-right: 5px;\" class=\"fa fas fa-picture-o fa-image\"><\/span>Foto\t<\/a>\n<\/p>\n\t\t<div class=\"cff-post-links\">\n\t\t\t\t\t<a class=\"cff-viewpost-facebook\" href=\"https:\/\/www.facebook.com\/profile.php?id=930785222396888\" title=\"Auf Facebook anzeigen\" target=\"_blank\" rel=\"nofollow noopener\" >Auf Facebook anzeigen<\/a>\n\t\t\t\t\t\t\t<div class=\"cff-share-container\">\n\t\t\t\t\t\t\t\t\t<span class=\"cff-dot\" >&middot;<\/span>\n\t\t\t\t\t\t\t\t<a class=\"cff-share-link\" href=\"https:\/\/www.facebook.com\/sharer\/sharer.php?u=https%3A%2F%2Fwww.facebook.com%2Fprofile.php%3Fid%3D930785222396888\" title=\"Teilen\" >Teilen<\/a>\n\t\t\t\t<p class=\"cff-share-tooltip\">\n\t\t\t\t\t\t\t\t\t\t\t<a href=\"https:\/\/www.facebook.com\/sharer\/sharer.php?u=https%3A%2F%2Fwww.facebook.com%2Fprofile.php%3Fid%3D930785222396888\" target=\"_blank\" rel=\"noopener noreferrer\" class=\"cff-facebook-icon\">\n\t\t\t\t\t\t\t<span class=\"fa fab fa-facebook-square\" aria-hidden=\"true\"><\/span>\n\t\t\t\t\t\t\t<span class=\"cff-screenreader\">Auf Facebook teilen<\/span>\n\t\t\t\t\t\t<\/a>\n\t\t\t\t\t\t\t\t\t\t\t<a href=\"https:\/\/twitter.com\/intent\/tweet?text=https%3A%2F%2Fwww.facebook.com%2Fprofile.php%3Fid%3D930785222396888\" target=\"_blank\" rel=\"noopener noreferrer\" class=\"cff-twitter-icon\">\n\t\t\t\t\t\t\t<span class=\"fa fab fa-twitter\" aria-hidden=\"true\"><\/span>\n\t\t\t\t\t\t\t<span class=\"cff-screenreader\">Auf Twitter teilen<\/span>\n\t\t\t\t\t\t<\/a>\n\t\t\t\t\t\t\t\t\t\t\t<a href=\"https:\/\/www.linkedin.com\/shareArticle?mini=true&#038;url=https%3A%2F%2Fwww.facebook.com%2Fprofile.php%3Fid%3D930785222396888&#038;title=%09%09%09Uhlenhaus%20Sportvereins%20Titelbild%09%09%09%09\" target=\"_blank\" rel=\"noopener noreferrer\" class=\"cff-linkedin-icon\">\n\t\t\t\t\t\t\t<span class=\"fa fab fa-linkedin\" aria-hidden=\"true\"><\/span>\n\t\t\t\t\t\t\t<span class=\"cff-screenreader\">Auf LinkedIn teilen<\/span>\n\t\t\t\t\t\t<\/a>\n\t\t\t\t\t\t\t\t\t\t\t<a href=\"mailto:?subject=Facebook&#038;body=https%3A%2F%2Fwww.facebook.com%2Fprofile.php%3Fid%3D930785222396888%20-%20%0A%0A%09%0A%09%09Uhlenhaus%20Sportvereins%20Titelbild%09%09%09%0A%09\" target=\"_blank\" rel=\"noopener noreferrer\" class=\"cff-email-icon\">\n\t\t\t\t\t\t\t<span class=\"fa fab fa-envelope\" aria-hidden=\"true\"><\/span>\n\t\t\t\t\t\t\t<span class=\"cff-screenreader\">Per E-Mail teilen<\/span>\n\t\t\t\t\t\t<\/a>\n\t\t\t\t\t\t\t\t\t<\/p>\n\t\t\t<\/div>\n\t\t\t<\/div>\n\t<\/div>\n\n\n\n<div id=\"cff_101341215339520_1412831904192215\" class=\"cff-item cff-photo-post author-uhlenhaus-sportverein\"  style=\"border-bottom: 1px solid #ddd;\">\n\t<div class=\"cff-author\">\n\t<div class=\"cff-author-text\">\n\t\t\t\t\t<div class=\"cff-page-name cff-author-date\" >\n\t\t\t\t<a href=\"https:\/\/facebook.com\/101341215339520\" target=\"_blank\" rel=\"nofollow noopener\" >Uhlenhaus Sportverein<\/a>\n\t\t\t\t<span class=\"cff-story\"> <\/span>\n\t\t\t<\/div>\n\t\t\t\n<p class=\"cff-date\" > 1 week ago <\/p>\n\t\t\t<\/div>\n\t<div class=\"cff-author-img \" data-avatar=\"https:\/\/scontent-fra3-2.xx.fbcdn.net\/v\/t39.30808-1\/302698087_458419829633432_4709109214236821158_n.png?stp=cp0_dst-png_s50x50&#038;_nc_cat=111&#038;ccb=1-7&#038;_nc_sid=f907e8&#038;_nc_ohc=V6ONv9WFnkcQ7kNvwFilvpJ&#038;_nc_oc=AdrbgC1JeyFFgAwpqZURupjAG1uSTRwzEtRHeXBcX2u_BBb0MTCtngZNWltL9WbZG5pdaHY4O3_OVoz_H4UIWhJe&#038;_nc_zt=24&#038;_nc_ht=scontent-fra3-2.xx&#038;edm=AKIiGfEEAAAA&#038;_nc_gid=7EOukxt6UsU4JBiki0Mjkg&#038;_nc_tpa=Q5bMBQEB9hHb5HTOtIAGPW1htQe8o44cQWcjyBya3woXEszCEg2tJzJb4MZBrSwW9pE9gZlU8IW3Wri5IQ&#038;oh=00_Af0Vmvz7rgJEhKGR-cRYr6Yv6M5qfUgoV27Pl9oesDDkfw&#038;oe=69EE5D10\">\n\t\t<a href=\"https:\/\/facebook.com\/101341215339520\" target=\"_blank\" rel=\"nofollow noopener\" ><img decoding=\"async\" src=\"https:\/\/scontent-fra3-2.xx.fbcdn.net\/v\/t39.30808-1\/302698087_458419829633432_4709109214236821158_n.png?stp=cp0_dst-png_s50x50&#038;_nc_cat=111&#038;ccb=1-7&#038;_nc_sid=f907e8&#038;_nc_ohc=V6ONv9WFnkcQ7kNvwFilvpJ&#038;_nc_oc=AdrbgC1JeyFFgAwpqZURupjAG1uSTRwzEtRHeXBcX2u_BBb0MTCtngZNWltL9WbZG5pdaHY4O3_OVoz_H4UIWhJe&#038;_nc_zt=24&#038;_nc_ht=scontent-fra3-2.xx&#038;edm=AKIiGfEEAAAA&#038;_nc_gid=7EOukxt6UsU4JBiki0Mjkg&#038;_nc_tpa=Q5bMBQEB9hHb5HTOtIAGPW1htQe8o44cQWcjyBya3woXEszCEg2tJzJb4MZBrSwW9pE9gZlU8IW3Wri5IQ&#038;oh=00_Af0Vmvz7rgJEhKGR-cRYr6Yv6M5qfUgoV27Pl9oesDDkfw&#038;oe=69EE5D10\" title=\"Uhlenhaus Sportverein\" alt=\"Uhlenhaus Sportverein\" width=40 height=40 onerror=\"this.style.display='none'\"><\/a>\n\t<\/div>\n<\/div>\n\n<div class=\"cff-post-text\" >\n\t<span class=\"cff-text\" data-color=\"\">\n\t\tTsch\u00fcss Zettelwirtschaft - Hallo digitale Zukunft!!!\ud83d\udda5\ufe0f<img class=\"cff-linebreak\" \/>Ab heute stellen wir im Uhlenhaus Sportverein auf digitale Unterschriften um Das spart nicht nur jede Menge Papier, sondern macht die Organisation f\u00fcr uns alle langfristig einfacher. Da bekanntlich aller Anfang schwer ist, kann es in den ersten Tagen vielleicht noch an der einen oder anderen Stelle etwas &quot; hakeln&quot;. Wir geben unser Bestes, damit alles reibungslos l\u00e4uft,  und danken euch schon jetzt ganz herzlich f\u00fcr eure Geduld und euer Verst\u00e4ndnis.\ud83d\udc9b<img class=\"cff-linebreak\" \/><img class=\"cff-linebreak\" \/>Gemeinsam schaffen wir das!!!\ud83d\udcaa\t\t\t<\/span>\n\t<span class=\"cff-expand\">... <a href=\"#\" style=\"color: #\"><span class=\"cff-more\">Mehr sehen<\/span><span class=\"cff-less\">Weniger sehen<\/span><\/a><\/span>\n\n<\/div>\n\n<p class=\"cff-media-link\">\n\t<a href=\"https:\/\/www.facebook.com\/photo.php?fbid=1412831850858887&#038;set=a.1151739876968087&#038;type=3\" target=\"_blank\" style=\"color: #\">\n\t\t<span style=\"padding-right: 5px;\" class=\"fa fas fa-picture-o fa-image\"><\/span>Foto\t<\/a>\n<\/p>\n\t\t<div class=\"cff-post-links\">\n\t\t\t\t\t<a class=\"cff-viewpost-facebook\" href=\"https:\/\/www.facebook.com\/photo.php?fbid=1412831850858887&#038;set=a.1151739876968087&#038;type=3\" title=\"Auf Facebook anzeigen\" target=\"_blank\" rel=\"nofollow noopener\" >Auf Facebook anzeigen<\/a>\n\t\t\t\t\t\t\t<div class=\"cff-share-container\">\n\t\t\t\t\t\t\t\t\t<span class=\"cff-dot\" >&middot;<\/span>\n\t\t\t\t\t\t\t\t<a class=\"cff-share-link\" href=\"https:\/\/www.facebook.com\/sharer\/sharer.php?u=https%3A%2F%2Fwww.facebook.com%2Fphoto.php%3Ffbid%3D1412831850858887%26amp%3Bset%3Da.1151739876968087%26amp%3Btype%3D3\" title=\"Teilen\" >Teilen<\/a>\n\t\t\t\t<p class=\"cff-share-tooltip\">\n\t\t\t\t\t\t\t\t\t\t\t<a href=\"https:\/\/www.facebook.com\/sharer\/sharer.php?u=https%3A%2F%2Fwww.facebook.com%2Fphoto.php%3Ffbid%3D1412831850858887%26amp%3Bset%3Da.1151739876968087%26amp%3Btype%3D3\" target=\"_blank\" rel=\"noopener noreferrer\" class=\"cff-facebook-icon\">\n\t\t\t\t\t\t\t<span class=\"fa fab fa-facebook-square\" aria-hidden=\"true\"><\/span>\n\t\t\t\t\t\t\t<span class=\"cff-screenreader\">Auf Facebook teilen<\/span>\n\t\t\t\t\t\t<\/a>\n\t\t\t\t\t\t\t\t\t\t\t<a href=\"https:\/\/twitter.com\/intent\/tweet?text=https%3A%2F%2Fwww.facebook.com%2Fphoto.php%3Ffbid%3D1412831850858887%26amp%3Bset%3Da.1151739876968087%26amp%3Btype%3D3\" target=\"_blank\" rel=\"noopener noreferrer\" class=\"cff-twitter-icon\">\n\t\t\t\t\t\t\t<span class=\"fa fab fa-twitter\" aria-hidden=\"true\"><\/span>\n\t\t\t\t\t\t\t<span class=\"cff-screenreader\">Auf Twitter teilen<\/span>\n\t\t\t\t\t\t<\/a>\n\t\t\t\t\t\t\t\t\t\t\t<a href=\"https:\/\/www.linkedin.com\/shareArticle?mini=true&#038;url=https%3A%2F%2Fwww.facebook.com%2Fphoto.php%3Ffbid%3D1412831850858887%26amp%3Bset%3Da.1151739876968087%26amp%3Btype%3D3&#038;title=%09%09%09Tsch%C3%BCss%20Zettelwirtschaft%20-%20Hallo%20digitale%20Zukunft%21%21%21%F0%9F%96%A5%EF%B8%8FAb%20heute%20stellen%20wir%20im%20Uhlenhaus%20Sportverein%20auf%20digitale%20Unterschriften%20um%20Das%20spart%20nicht%20nur%20jede%20Menge%20Papier%2C%20sondern%20macht%20die%20Organisation%20f%C3%BCr%20uns%20alle%20langfristig%20einfacher.%20Da%20bekanntlich%20aller%20Anfang%20schwer%20ist%2C%20kann%20es%20in%20den%20ersten%20Tagen%20vielleicht%20noch%20an%20der%20einen%20oder%20anderen%20Stelle%20etwas%20%26quot%3B%20hakeln%26quot%3B.%20Wir%20geben%20unser%20Bestes%2C%20damit%20alles%20reibungslos%20l%C3%A4uft%2C%20%20und%20danken%20euch%20schon%20jetzt%20ganz%20herzlich%20f%C3%BCr%20eure%20Geduld%20und%20euer%20Verst%C3%A4ndnis.%F0%9F%92%9BGemeinsam%20schaffen%20wir%20das%21%21%21%F0%9F%92%AA%09%09%09%09\" target=\"_blank\" rel=\"noopener noreferrer\" class=\"cff-linkedin-icon\">\n\t\t\t\t\t\t\t<span class=\"fa fab fa-linkedin\" aria-hidden=\"true\"><\/span>\n\t\t\t\t\t\t\t<span class=\"cff-screenreader\">Auf LinkedIn teilen<\/span>\n\t\t\t\t\t\t<\/a>\n\t\t\t\t\t\t\t\t\t\t\t<a href=\"mailto:?subject=Facebook&#038;body=https%3A%2F%2Fwww.facebook.com%2Fphoto.php%3Ffbid%3D1412831850858887%26amp%3Bset%3Da.1151739876968087%26amp%3Btype%3D3%20-%20%0A%0A%09%0A%09%09Tsch%C3%BCss%20Zettelwirtschaft%20-%20Hallo%20digitale%20Zukunft%21%21%21%F0%9F%96%A5%EF%B8%8FAb%20heute%20stellen%20wir%20im%20Uhlenhaus%20Sportverein%20auf%20digitale%20Unterschriften%20um%20Das%20spart%20nicht%20nur%20jede%20Menge%20Papier%2C%20sondern%20macht%20die%20Organisation%20f%C3%BCr%20uns%20alle%20langfristig%20einfacher.%20Da%20bekanntlich%20aller%20Anfang%20schwer%20ist%2C%20kann%20es%20in%20den%20ersten%20Tagen%20vielleicht%20noch%20an%20der%20einen%20oder%20anderen%20Stelle%20etwas%20%26quot%3B%20hakeln%26quot%3B.%20Wir%20geben%20unser%20Bestes%2C%20damit%20alles%20reibungslos%20l%C3%A4uft%2C%20%20und%20danken%20euch%20schon%20jetzt%20ganz%20herzlich%20f%C3%BCr%20eure%20Geduld%20und%20euer%20Verst%C3%A4ndnis.%F0%9F%92%9BGemeinsam%20schaffen%20wir%20das%21%21%21%F0%9F%92%AA%09%09%09%0A%09\" target=\"_blank\" rel=\"noopener noreferrer\" class=\"cff-email-icon\">\n\t\t\t\t\t\t\t<span class=\"fa fab fa-envelope\" aria-hidden=\"true\"><\/span>\n\t\t\t\t\t\t\t<span class=\"cff-screenreader\">Per E-Mail teilen<\/span>\n\t\t\t\t\t\t<\/a>\n\t\t\t\t\t\t\t\t\t<\/p>\n\t\t\t<\/div>\n\t\t\t<\/div>\n\t<\/div>\n\n\n\n<div id=\"cff_101341215339520_1407638224711583\" class=\"cff-item cff-photo-post author-uhlenhaus-sportverein\"  style=\"border-bottom: 1px solid #ddd;\">\n\t<div class=\"cff-author\">\n\t<div class=\"cff-author-text\">\n\t\t\t\t\t<div class=\"cff-page-name cff-author-date\" >\n\t\t\t\t<a href=\"https:\/\/facebook.com\/101341215339520\" target=\"_blank\" rel=\"nofollow noopener\" >Uhlenhaus Sportverein<\/a>\n\t\t\t\t<span class=\"cff-story\"> <\/span>\n\t\t\t<\/div>\n\t\t\t\n<p class=\"cff-date\" > 2 weeks ago <\/p>\n\t\t\t<\/div>\n\t<div class=\"cff-author-img \" data-avatar=\"https:\/\/scontent-fra3-2.xx.fbcdn.net\/v\/t39.30808-1\/302698087_458419829633432_4709109214236821158_n.png?stp=cp0_dst-png_s50x50&#038;_nc_cat=111&#038;ccb=1-7&#038;_nc_sid=f907e8&#038;_nc_ohc=V6ONv9WFnkcQ7kNvwFilvpJ&#038;_nc_oc=AdrbgC1JeyFFgAwpqZURupjAG1uSTRwzEtRHeXBcX2u_BBb0MTCtngZNWltL9WbZG5pdaHY4O3_OVoz_H4UIWhJe&#038;_nc_zt=24&#038;_nc_ht=scontent-fra3-2.xx&#038;edm=AKIiGfEEAAAA&#038;_nc_gid=7EOukxt6UsU4JBiki0Mjkg&#038;_nc_tpa=Q5bMBQEB9hHb5HTOtIAGPW1htQe8o44cQWcjyBya3woXEszCEg2tJzJb4MZBrSwW9pE9gZlU8IW3Wri5IQ&#038;oh=00_Af0Vmvz7rgJEhKGR-cRYr6Yv6M5qfUgoV27Pl9oesDDkfw&#038;oe=69EE5D10\">\n\t\t<a href=\"https:\/\/facebook.com\/101341215339520\" target=\"_blank\" rel=\"nofollow noopener\" ><img decoding=\"async\" src=\"https:\/\/scontent-fra3-2.xx.fbcdn.net\/v\/t39.30808-1\/302698087_458419829633432_4709109214236821158_n.png?stp=cp0_dst-png_s50x50&#038;_nc_cat=111&#038;ccb=1-7&#038;_nc_sid=f907e8&#038;_nc_ohc=V6ONv9WFnkcQ7kNvwFilvpJ&#038;_nc_oc=AdrbgC1JeyFFgAwpqZURupjAG1uSTRwzEtRHeXBcX2u_BBb0MTCtngZNWltL9WbZG5pdaHY4O3_OVoz_H4UIWhJe&#038;_nc_zt=24&#038;_nc_ht=scontent-fra3-2.xx&#038;edm=AKIiGfEEAAAA&#038;_nc_gid=7EOukxt6UsU4JBiki0Mjkg&#038;_nc_tpa=Q5bMBQEB9hHb5HTOtIAGPW1htQe8o44cQWcjyBya3woXEszCEg2tJzJb4MZBrSwW9pE9gZlU8IW3Wri5IQ&#038;oh=00_Af0Vmvz7rgJEhKGR-cRYr6Yv6M5qfUgoV27Pl9oesDDkfw&#038;oe=69EE5D10\" title=\"Uhlenhaus Sportverein\" alt=\"Uhlenhaus Sportverein\" width=40 height=40 onerror=\"this.style.display='none'\"><\/a>\n\t<\/div>\n<\/div>\n\n<div class=\"cff-post-text\" >\n\t<span class=\"cff-text\" data-color=\"\">\n\t\tGuten Morgen!!! \u2615 \u2600\ufe0f <img class=\"cff-linebreak\" \/><img class=\"cff-linebreak\" \/>Mit diesem Foto vom Frankenreich w\u00fcnschen wir euch einen guten Start in den Tag!!!\ud83c\udf1e\ud83d\udcaa\t\t\t<\/span>\n\t<span class=\"cff-expand\">... <a href=\"#\" style=\"color: #\"><span class=\"cff-more\">Mehr sehen<\/span><span class=\"cff-less\">Weniger sehen<\/span><\/a><\/span>\n\n<\/div>\n\n<p class=\"cff-media-link\">\n\t<a href=\"https:\/\/www.facebook.com\/photo.php?fbid=1407638184711587&#038;set=a.1151739876968087&#038;type=3\" target=\"_blank\" style=\"color: #\">\n\t\t<span style=\"padding-right: 5px;\" class=\"fa fas fa-picture-o fa-image\"><\/span>Foto\t<\/a>\n<\/p>\n\t\t<div class=\"cff-post-links\">\n\t\t\t\t\t<a class=\"cff-viewpost-facebook\" href=\"https:\/\/www.facebook.com\/photo.php?fbid=1407638184711587&#038;set=a.1151739876968087&#038;type=3\" title=\"Auf Facebook anzeigen\" target=\"_blank\" rel=\"nofollow noopener\" >Auf Facebook anzeigen<\/a>\n\t\t\t\t\t\t\t<div class=\"cff-share-container\">\n\t\t\t\t\t\t\t\t\t<span class=\"cff-dot\" >&middot;<\/span>\n\t\t\t\t\t\t\t\t<a class=\"cff-share-link\" href=\"https:\/\/www.facebook.com\/sharer\/sharer.php?u=https%3A%2F%2Fwww.facebook.com%2Fphoto.php%3Ffbid%3D1407638184711587%26amp%3Bset%3Da.1151739876968087%26amp%3Btype%3D3\" title=\"Teilen\" >Teilen<\/a>\n\t\t\t\t<p class=\"cff-share-tooltip\">\n\t\t\t\t\t\t\t\t\t\t\t<a href=\"https:\/\/www.facebook.com\/sharer\/sharer.php?u=https%3A%2F%2Fwww.facebook.com%2Fphoto.php%3Ffbid%3D1407638184711587%26amp%3Bset%3Da.1151739876968087%26amp%3Btype%3D3\" target=\"_blank\" rel=\"noopener noreferrer\" class=\"cff-facebook-icon\">\n\t\t\t\t\t\t\t<span class=\"fa fab fa-facebook-square\" aria-hidden=\"true\"><\/span>\n\t\t\t\t\t\t\t<span class=\"cff-screenreader\">Auf Facebook teilen<\/span>\n\t\t\t\t\t\t<\/a>\n\t\t\t\t\t\t\t\t\t\t\t<a href=\"https:\/\/twitter.com\/intent\/tweet?text=https%3A%2F%2Fwww.facebook.com%2Fphoto.php%3Ffbid%3D1407638184711587%26amp%3Bset%3Da.1151739876968087%26amp%3Btype%3D3\" target=\"_blank\" rel=\"noopener noreferrer\" class=\"cff-twitter-icon\">\n\t\t\t\t\t\t\t<span class=\"fa fab fa-twitter\" aria-hidden=\"true\"><\/span>\n\t\t\t\t\t\t\t<span class=\"cff-screenreader\">Auf Twitter teilen<\/span>\n\t\t\t\t\t\t<\/a>\n\t\t\t\t\t\t\t\t\t\t\t<a href=\"https:\/\/www.linkedin.com\/shareArticle?mini=true&#038;url=https%3A%2F%2Fwww.facebook.com%2Fphoto.php%3Ffbid%3D1407638184711587%26amp%3Bset%3Da.1151739876968087%26amp%3Btype%3D3&#038;title=%09%09%09Guten%20Morgen%21%21%21%20%E2%98%95%20%E2%98%80%EF%B8%8F%20Mit%20diesem%20Foto%20vom%20Frankenreich%20w%C3%BCnschen%20wir%20euch%20einen%20guten%20Start%20in%20den%20Tag%21%21%21%F0%9F%8C%9E%F0%9F%92%AA%09%09%09%09\" target=\"_blank\" rel=\"noopener noreferrer\" class=\"cff-linkedin-icon\">\n\t\t\t\t\t\t\t<span class=\"fa fab fa-linkedin\" aria-hidden=\"true\"><\/span>\n\t\t\t\t\t\t\t<span class=\"cff-screenreader\">Auf LinkedIn teilen<\/span>\n\t\t\t\t\t\t<\/a>\n\t\t\t\t\t\t\t\t\t\t\t<a href=\"mailto:?subject=Facebook&#038;body=https%3A%2F%2Fwww.facebook.com%2Fphoto.php%3Ffbid%3D1407638184711587%26amp%3Bset%3Da.1151739876968087%26amp%3Btype%3D3%20-%20%0A%0A%09%0A%09%09Guten%20Morgen%21%21%21%20%E2%98%95%20%E2%98%80%EF%B8%8F%20Mit%20diesem%20Foto%20vom%20Frankenreich%20w%C3%BCnschen%20wir%20euch%20einen%20guten%20Start%20in%20den%20Tag%21%21%21%F0%9F%8C%9E%F0%9F%92%AA%09%09%09%0A%09\" target=\"_blank\" rel=\"noopener noreferrer\" class=\"cff-email-icon\">\n\t\t\t\t\t\t\t<span class=\"fa fab fa-envelope\" aria-hidden=\"true\"><\/span>\n\t\t\t\t\t\t\t<span class=\"cff-screenreader\">Per E-Mail teilen<\/span>\n\t\t\t\t\t\t<\/a>\n\t\t\t\t\t\t\t\t\t<\/p>\n\t\t\t<\/div>\n\t\t\t<\/div>\n\t<\/div>\n\n\n\n\n<div class=\"cff-likebox cff-bottom\" >\n\t\t<iframe title=\"Likebox Iframe\" src=\"\" class=\"fb_iframe_widget\" data-likebox-id=\"101341215339520\" data-likebox-width=\"300\" data-likebox-header=\"\" data-hide-cover=\"\" data-hide-cta=\"\" data-likebox-faces=\"\" data-height=\"130\" data-locale=\"de_DE\" scrolling=\"no\" allowTransparency=\"true\" allow=\"encrypted-media\" ><\/iframe>\n<\/div>\n<\/div><input class=\"cff-pag-url\" type=\"hidden\" data-locatornonce=\"98adcae5ce\" data-cff-shortcode=\"{&quot;feed&quot;: &quot;1&quot;}\" data-post-id=\"5\" data-feed-id=\"101341215339520\"><\/div><\/div><div class=\"cff-clear\"><\/div><\/div>\n\n\n\n<p><\/p>\n<\/div>\n<\/div>\n\n\n","protected":false},"excerpt":{"rendered":"<p>Einladung zur Jahreshauptversammlung 2025 des Uhlenhaus Sportvereins e.V. Am 14.04.2026 um 18:00 Uhr findet in den R\u00e4umen der Tagesklinik Andershof, Rotdornweg 8 [&hellip;]<\/p>\n","protected":false},"author":1,"featured_media":0,"parent":0,"menu_order":0,"comment_status":"closed","ping_status":"closed","template":"page-templates\/page_fullwidth.php","meta":{"footnotes":""},"class_list":["post-5","page","type-page","status-publish","hentry"],"_links":{"self":[{"href":"https:\/\/uhlenhaus-sportverein.de\/index.php?rest_route=\/wp\/v2\/pages\/5","targetHints":{"allow":["GET"]}}],"collection":[{"href":"https:\/\/uhlenhaus-sportverein.de\/index.php?rest_route=\/wp\/v2\/pages"}],"about":[{"href":"https:\/\/uhlenhaus-sportverein.de\/index.php?rest_route=\/wp\/v2\/types\/page"}],"author":[{"embeddable":true,"href":"https:\/\/uhlenhaus-sportverein.de\/index.php?rest_route=\/wp\/v2\/users\/1"}],"replies":[{"embeddable":true,"href":"https:\/\/uhlenhaus-sportverein.de\/index.php?rest_route=%2Fwp%2Fv2%2Fcomments&post=5"}],"version-history":[{"count":577,"href":"https:\/\/uhlenhaus-sportverein.de\/index.php?rest_route=\/wp\/v2\/pages\/5\/revisions"}],"predecessor-version":[{"id":7835,"href":"https:\/\/uhlenhaus-sportverein.de\/index.php?rest_route=\/wp\/v2\/pages\/5\/revisions\/7835"}],"wp:attachment":[{"href":"https:\/\/uhlenhaus-sportverein.de\/index.php?rest_route=%2Fwp%2Fv2%2Fmedia&parent=5"}],"curies":[{"name":"wp","href":"https:\/\/api.w.org\/{rel}","templated":true}]}}